{"id":701,"date":"2022-06-30T09:32:22","date_gmt":"2022-06-30T07:32:22","guid":{"rendered":"https:\/\/saludextremadura.ses.es\/areasaluddonbenito\/?page_id=701"},"modified":"2022-09-19T08:29:56","modified_gmt":"2022-09-19T06:29:56","slug":"calidad","status":"publish","type":"page","link":"https:\/\/saludextremadura.ses.es\/areasaluddonbenito\/saludpublica\/calidad\/","title":{"rendered":"Transporte Sanitario Terrestre"},"content":{"rendered":"<h2 class=\"titulo-pagina wp-block-post-title\">Transporte Sanitario Terrestre<\/h2>\n\n\n<hr class=\"wp-block-separator has-alpha-channel-opacity linea-titulo\"\/>\n\n\n\n<p>La legislaci\u00f3n que deben cumplir los veh\u00edculos de transporte sanitario terrestre es muy extensa, pero principalmente deben cumplir con:<\/p>\n\n\n<div style=\"display:flex\" class=\"enlacearchivos\">\n    <img decoding=\"async\" src=\"https:\/\/saludextremadura.ses.es\/areasaluddonbenito\/wp-content\/themes\/temaAreaSalud\/img\/Vector (14).svg\" alt=\"\">\n    <a class=\"\" title=\"\" href=\"https:\/\/saludextremadura.ses.es\/areasaluddonbenito\/download\/1903\/?tmstv=1777667703\" rel=\"nofollow\">\n        RD 876\/2012, de 25 de mayo, por el que se establecen las caracter\u00edsticas t\u00e9cnicas, el equipamiento sanitario y la dotaci\u00f3n de personal de los veh\u00edculos de transporte sanitario por carretera.    <\/a>\n    <div class=\"filetype-icon filetype-pdf \"><\/div>\n<\/div>\n\n<div style=\"display:flex\" class=\"enlacearchivos\">\n    <img decoding=\"async\" src=\"https:\/\/saludextremadura.ses.es\/areasaluddonbenito\/wp-content\/themes\/temaAreaSalud\/img\/Vector (14).svg\" alt=\"\">\n    <a class=\"\" title=\"\" href=\"https:\/\/saludextremadura.ses.es\/areasaluddonbenito\/download\/1907\/?tmstv=1777667703\" rel=\"nofollow\">\n        Orden PRE\/1435\/2013, de 23 de julio, por la que se desarrolla el Reglamento de la Ley de Ordenaci\u00f3n de los Transportes Terrestres en materia de Transporte Sanitario por Carretera.    <\/a>\n    <div class=\"filetype-icon filetype-pdf \"><\/div>\n<\/div>\n\n\n<p>Los veh\u00edculos se clasifican en:<\/p>\n\n\n\n<figure class=\"wp-block-table aligncenter is-style-regular\"><table class=\"has-fixed-layout\"><thead><tr><th class=\"has-text-align-center\" data-align=\"center\">Ambulancia<\/th><th class=\"has-text-align-center\" data-align=\"center\">Clase<\/th><th class=\"has-text-align-left\" data-align=\"left\">Caracter\u00edsticas de los veh\u00edculos<\/th><th class=\"has-text-align-center\" data-align=\"center\">Tipo servicio<\/th><th class=\"has-text-align-center\" data-align=\"center\">Comunicaci\u00f3n<\/th><th class=\"has-text-align-left\" data-align=\"left\">Personal<\/th><\/tr><\/thead><tbody><tr><td class=\"has-text-align-center\" data-align=\"center\">No asistencial<\/td><td class=\"has-text-align-center\" data-align=\"center\">A1<\/td><td class=\"has-text-align-left\" data-align=\"left\">Articulo 3 Decreto 836\/2012<br>UNE-EN 1789-2007+A1 2010<\/td><td class=\"has-text-align-center\" data-align=\"center\">Convencionales, camilla<\/td><td class=\"has-text-align-center\" data-align=\"center\"><\/td><td class=\"has-text-align-left\" data-align=\"left\">Conductor con certificado de profesionalidad* (con o sin ayudante misma cualificaci\u00f3n)<\/td><\/tr><tr><td class=\"has-text-align-center\" data-align=\"center\"><\/td><td class=\"has-text-align-center\" data-align=\"center\">A2<\/td><td class=\"has-text-align-left\" data-align=\"left\">Articulo 3 Decreto 836\/2012<br>UNE-EN 1789-2007+A1 2010<\/td><td class=\"has-text-align-center\" data-align=\"center\">Transporte colectivo, camilla opcional<\/td><td class=\"has-text-align-center\" data-align=\"center\"><\/td><td class=\"has-text-align-left\" data-align=\"left\">Conductor con certificado de profesionalidad* (con o sin ayudante misma cualificaci\u00f3n)<\/td><\/tr><tr><td class=\"has-text-align-center\" data-align=\"center\">Asistencial<\/td><td class=\"has-text-align-center\" data-align=\"center\">B<\/td><td class=\"has-text-align-left\" data-align=\"left\">Articulo 3 Decreto 836\/2012<br>UNE-EN 1789-2007+A1 2010<\/td><td class=\"has-text-align-center\" data-align=\"center\">Soporte vital b\u00e1sico y atenci\u00f3n inicial<\/td><td class=\"has-text-align-center\" data-align=\"center\">GPS<\/td><td class=\"has-text-align-left\" data-align=\"left\">Conductor T\u00e9cnico en Emergencias sanitarias<\/td><\/tr><tr><td class=\"has-text-align-center\" data-align=\"center\"><br><\/td><td class=\"has-text-align-center\" data-align=\"center\">C<\/td><td class=\"has-text-align-left\" data-align=\"left\">Articulo 3 Decreto 836\/2012<br>UNE-EN 1789-2007+A1 2010<\/td><td class=\"has-text-align-center\" data-align=\"center\">Soporte vital b\u00e1sico<\/td><td class=\"has-text-align-center\" data-align=\"center\">GPS<\/td><td class=\"has-text-align-left\" data-align=\"left\">Conductor T\u00e9cnico en Emergencias sanitarias * con un enfermero DUE, en su caso, con un m\u00e9dico<\/td><\/tr><\/tbody><\/table><\/figure>\n\n\n\n<p>y para poder realizar transporte sanitario deben estar en posesi\u00f3n de una Certificaci\u00f3n T\u00e9cnica Sanitaria (CTS) en vigor.<\/p>\n\n\n\n<p>La Certificaci\u00f3n T\u00e9cnica Sanitaria inicial se obtendr\u00e1 mediante solicitud de la misma a Direcci\u00f3n de Salud del \u00c1rea correspondiente mediante registro telem\u00e1tico junto con la siguiente documentaci\u00f3n :<\/p>\n\n\n\n<ul><li>Tarjeta T\u00e9cnica.<\/li><li>Permiso de Circulaci\u00f3n.<\/li><li>Memoria descriptiva de actividad.<\/li><li>Tasas<\/li><\/ul>\n\n\n\n<p>Ser\u00e1 otorgada por un plazo de 2 a\u00f1os por titular de la Consejer\u00eda de Sanidad y Servicios Sociales. Antes de expirar el plazo deber\u00e1 ser renovada por mismo procedimiento por titular Direcci\u00f3n Salud del \u00c1rea correspondiente que la otorgar\u00e1 por 1 a\u00f1o. El periodo m\u00e1ximo de vida de un veh\u00edculo de transporte sanitario por carretera es de 10 a\u00f1os desde primera matriculaci\u00f3n.<\/p>\n","protected":false},"excerpt":{"rendered":"<p>La legislaci\u00f3n que deben cumplir los veh\u00edculos de transporte sanitario terrestre es muy extensa, pero principalmente deben cumplir con: Los veh\u00edculos se clasifican en: Ambulancia Clase Caracter\u00edsticas de los veh\u00edculos Tipo servicio Comunicaci\u00f3n Personal No asistencial A1 Articulo 3 Decreto 836\/2012UNE-EN 1789-2007+A1 2010 Convencionales, camilla Conductor con certificado de profesionalidad* (con o sin ayudante misma [&hellip;]<\/p>\n","protected":false},"author":1,"featured_media":0,"parent":325,"menu_order":0,"comment_status":"closed","ping_status":"closed","template":"page-template\/page-no-slider.php","meta":{"_eb_attr":"","inline_featured_image":false},"_links":{"self":[{"href":"https:\/\/saludextremadura.ses.es\/areasaluddonbenito\/wp-json\/wp\/v2\/pages\/701"}],"collection":[{"href":"https:\/\/saludextremadura.ses.es\/areasaluddonbenito\/wp-json\/wp\/v2\/pages"}],"about":[{"href":"https:\/\/saludextremadura.ses.es\/areasaluddonbenito\/wp-json\/wp\/v2\/types\/page"}],"author":[{"embeddable":true,"href":"https:\/\/saludextremadura.ses.es\/areasaluddonbenito\/wp-json\/wp\/v2\/users\/1"}],"replies":[{"embeddable":true,"href":"https:\/\/saludextremadura.ses.es\/areasaluddonbenito\/wp-json\/wp\/v2\/comments?post=701"}],"version-history":[{"count":11,"href":"https:\/\/saludextremadura.ses.es\/areasaluddonbenito\/wp-json\/wp\/v2\/pages\/701\/revisions"}],"predecessor-version":[{"id":2104,"href":"https:\/\/saludextremadura.ses.es\/areasaluddonbenito\/wp-json\/wp\/v2\/pages\/701\/revisions\/2104"}],"up":[{"embeddable":true,"href":"https:\/\/saludextremadura.ses.es\/areasaluddonbenito\/wp-json\/wp\/v2\/pages\/325"}],"wp:attachment":[{"href":"https:\/\/saludextremadura.ses.es\/areasaluddonbenito\/wp-json\/wp\/v2\/media?parent=701"}],"curies":[{"name":"wp","href":"https:\/\/api.w.org\/{rel}","templated":true}]}}