{"id":1867,"date":"2022-09-14T09:22:29","date_gmt":"2022-09-14T07:22:29","guid":{"rendered":"https:\/\/saludextremadura.ses.es\/areasaluddonbenito\/?page_id=1867"},"modified":"2022-10-19T13:32:27","modified_gmt":"2022-10-19T11:32:27","slug":"programas","status":"publish","type":"page","link":"https:\/\/saludextremadura.ses.es\/areasaluddonbenito\/saludpublica\/epidemiologia\/programas\/","title":{"rendered":"Programas"},"content":{"rendered":"<h2 class=\"titulo-pagina wp-block-post-title\">Programas<\/h2>\n\n\n<hr class=\"wp-block-separator has-alpha-channel-opacity linea-titulo\"\/>\n\n\n\n<h3>PLAN INTEGRAL CONTRA EL C\u00c1NCER EN EXTREMADURA (2017-2021)<\/h3>\n\n\n\n<p>\u00a0El c\u00e1ncer constituye la segunda causa de muerte a nivel mundial., con 8,8 millones de defunciones en 2015, lo que supone que casi una de cada seis defunciones se debe a esta enfermedad. Alrededor de un tercio de las muertes por c\u00e1ncer se deben a factores de riesgo relacionados con los estilos de vida y la alimentaci\u00f3n: \u00edndice de masa corporal elevado, ingesta reducida de frutas y verduras, falta de actividad f\u00edsica, consumo de tabaco y consumo de alcohol, son factores de riesgo importantes que adem\u00e1s se asocian con otras patolog\u00edas y problemas de salud. La edad avanzada es otro factor importante y el principal factor de riesgo no modificable para padecer un c\u00e1ncer.\u00a0<\/p>\n\n\n\n<p>Este Plan, como el resto de planes y programas relacionados con la salud en nuestra Comunidad Aut\u00f3noma, se haya en el marco del Plan de Salud de Extremadura, que establece entre otras cuestiones, dar continuidad a los planes y estrategias, dirigidas al abordaje de las enfermedades y problemas de salud, de mayor prevalencia e incidencia en nuestro entorno y en nuestra Comunidad. Estrategias que ir\u00e1n dirigidas a la prevenci\u00f3n, el diagn\u00f3stico precoz y tratamiento, la rehabilitaci\u00f3n y la mejora de la supervivencia general y de la calidad de vida de los pacientes con c\u00e1ncer y de sus familias.\u00a0<\/p>\n\n\n\n<p><br><\/p>\n\n\n\n<h3 class=\"has-black-color has-text-color\">REGISTRO DE C\u00c1NCER POBLACIONAL EN EXTREMADURA&nbsp;<\/h3>\n\n\n\n<p>En la mayor\u00eda de los pa\u00edses occidentales, el c\u00e1ncer ocupa una de las tres primeras causas de muerte, lo que supone uno de los m\u00e1s importantes problemas de Salud P\u00fablica. Al igual que en el resto de Espa\u00f1a, el c\u00e1ncer en Extremadura es la segunda causa de muerte con una tendencia claramente ascendente en los \u00faltimos 25 a\u00f1os, constituyendo la primera causa de a\u00f1os potenciales de vida perdidos para ambos sexos y la quinta causa de morbilidad hospitalaria.&nbsp;<\/p>\n\n\n\n<p>La determinaci\u00f3n de la mortalidad y morbilidad del c\u00e1ncer, requiere por tanto la existencia de un sistema de informaci\u00f3n o registro, que sea punto de partida para estudios epidemiol\u00f3gicos descriptivos, estudios sobre factores de riesgo, supervivencia, as\u00ed como sustento en la prevenci\u00f3n, planificaci\u00f3n y orientaci\u00f3n de los servicios asistenciales.&nbsp;<\/p>\n\n\n\n<p>Dentro de los objetivos del Plan de Salud de Extremadura se contempl\u00f3 en su d\u00eda la creaci\u00f3n de un Sistema de Informaci\u00f3n de C\u00e1ncer de Base Poblacional de Extremadura cre\u00e1ndose este por Orden de 28 de diciembre de 2001, de la entonces Consejer\u00eda de Sanidad y Consumo, adscrito a la Direcci\u00f3n General con competencia en Salud P\u00fablica e integrado dentro de la Red de Vigilancia Epidemiol\u00f3gica de Extremadura.&nbsp;<\/p>\n\n\n\n<p>Este sistema de informaci\u00f3n viene definido como la entidad encargada de recoger, almacenar, analizar e interpretar los datos de manera continua y sistem\u00e1tica sobre las personas con c\u00e1ncer en Extremadura, con la finalidad de caracterizar, comparar, ayudar a valorar y controlar el impacto de los procesos malignos en la Comunidad.\u00a0<\/p>\n\n\n\n<p><br><\/p>\n\n\n\n<h3 class=\"has-black-color has-text-color\">DETECCCION PRECOZ DEL CANCER&nbsp;&nbsp;<\/h3>\n\n\n\n<p>-PDPCM (Programa de detecci\u00f3n precoz cancer de mama)&nbsp;<\/p>\n\n\n\n<p>El C\u00e1ncer de Mama sigue siendo el c\u00e1ncer m\u00e1s frecuente que padecen las mujeres; a pesar de la magnitud del problema, no se dispone de m\u00e9todos eficaces de prevenci\u00f3n primaria. En consecuencia la prevenci\u00f3n secundaria mediante cribado, cuyo prop\u00f3sito es detectar la enfermedad en un estadio temprano, es una estrategia fundamental para el control de esta enfermedad, siendo la mamograf\u00eda la t\u00e9cnica de cribado con mejores resultados. Cuenta con una sensibilidad de 76% al 94% (alrededor del 80%) y una especificidad entre el 90% y 98%.&nbsp;<\/p>\n\n\n\n<p>Las proyecciones utilizadas en el cribado de c\u00e1ncer de mama mediante mamograf\u00eda son la oblicuo-lateral y la cr\u00e1neo-caudal. Utilizadas conjuntamente, incrementan la sensibilidad y la tasa de detecci\u00f3n.&nbsp;<\/p>\n\n\n\n<p>De forma similar, la doble lectura independiente por dos radi\u00f3logos incrementa la tasa de detecci\u00f3n entre un 5% y un 15%.&nbsp;<\/p>\n\n\n\n<p>Programa de cribado de detecci\u00f3n precoz del c\u00e1ncer de mama en Extremadura. (PDPCM)&nbsp; Ver enlace&nbsp;<\/p>\n\n\n\n<p>-PDPCCR (Programa detecci\u00f3n precoz cancer colorectal)&nbsp;<\/p>\n\n\n\n<p>Por sus elevadas tasas de incidencia y mortalidad, el c\u00e1ncer colorrectal (CCR) constituye un problema prioritario de salud p\u00fablica.&nbsp;&nbsp; Espa\u00f1a, en comparaci\u00f3n con otros pa\u00edses Europeos ocupa una posici\u00f3n intermedia en cuanto a incidencia y mortalidad por CCR. Sin embargo, en relaci\u00f3n a la supervivencia de estos pacientes presenta unas cifras inferiores al promedio Europeo.&nbsp;<\/p>\n\n\n\n<p>En el cribado de CCR, la primera consideraci\u00f3n que se tiene que tener en cuenta es determinar si el paciente presenta un riesgo bajo, medio o elevado. Aunque el CCR es m\u00e1s probable en individuos de riesgo alto, a escala poblacional la mayor\u00eda de los casos inciden en personas de riesgo medio.&nbsp;<\/p>\n\n\n\n<p>Para la valoraci\u00f3n del riesgo de un individuo en relaci\u00f3n con el desarrollo de esta patolog\u00eda es fundamental la evaluaci\u00f3n de los antecedentes personales y\/o familiares. Se debe realizar una correcta anamnesis que recoja antecedentes de CCR o adenomas en el propio individuo y\/o en familiares de primer, segundo y tercer grado.\u00a0\u00a0 Si descartamos antecedentes personales y\/o familiares, la edad del individuo es la condici\u00f3n m\u00e1s influyente para determinar el riesgo de CCR.\u00a0<\/p>\n\n\n\n<p><br><\/p>\n\n\n\n<h3 class=\"has-black-color has-text-color\">PROGRAMA DE CRIBADO DE C\u00c1NCER DE C\u00c9RVIX.&nbsp;<\/h3>\n\n\n\n<p>Conjunto de actuaciones encaminadas a prevenir el c\u00e1ncer de c\u00e9rvix, con el objetivo de disminuir la incidencia, prevalencia y complicaciones de \u00e9l derivadas.&nbsp;<\/p>\n\n\n\n<p>POBLACI\u00d3N DIANA: Mujeres entre 25 y 65 a\u00f1os (ambas inclusive) que mantengan relaciones coitales.&nbsp;<\/p>\n\n\n\n<p>CRITERIO DE INCLUSI\u00d3N: Se considerar\u00e1 incluido en el Servicio a las mujeres que en la historia cl\u00ednica conste como m\u00ednimo el resultado de una citolog\u00eda vaginal.&nbsp;<\/p>\n\n\n\n<p>ACTUACIONES:&nbsp;<\/p>\n\n\n\n<p>A las mujeres de la poblaci\u00f3n diana menores de 35 a\u00f1os se les realizar\u00e1 citolog\u00eda anual durante 2 a\u00f1os consecutivos, y, si ambas son normales, se repetir\u00e1n cada 3 a\u00f1os.&nbsp;<\/p>\n\n\n\n<p>En mujeres de 35 a\u00f1os o mayores, junto con la citolog\u00eda, se realizar\u00e1 test de VPH, procediendo de la siguiente forma:&nbsp;<\/p>\n\n\n\n<p>Si la citolog\u00eda y el test de VPH son negativos, la citolog\u00eda se repetir\u00e1 a los 5 a\u00f1os&nbsp;<\/p>\n\n\n\n<p>Si la citolog\u00eda es negativa y el test de VPH es positivo, los controles ser\u00e1n anuales \u2022 Si la citolog\u00eda es positiva, se derivar\u00e1 a la unidad correspondiente.\u00a0<\/p>\n\n\n\n<p><br><\/p>\n\n\n\n<h3 class=\"has-black-color has-text-color\">CRIBADO NEONATAL (PRUEBA DEL TAL\u00d3N)&nbsp;<\/h3>\n\n\n\n<p>Existen trastornos endocrinos-metab\u00f3licos cong\u00e9nitos, as\u00ed como enfermedades gen\u00e9ticas tratables, que no se manifiestan cl\u00ednicamente en el momento del nacimiento, y cuando presentan los primeros s\u00edntomas, ya han dado lugar a da\u00f1os neurol\u00f3gicos y secuelas de manera irreversible. Los programas poblacionales de cribado neonatal est\u00e1n dirigidos a la identificaci\u00f3n precoz, en per\u00edodo subcl\u00ednico, de determinados estados gen\u00e9ticos, o metab\u00f3licos, mediante el uso de pruebas anal\u00edticas que puedan aplicarse a toda la poblaci\u00f3n de reci\u00e9n nacidos.&nbsp; Estos Programas de prevenci\u00f3n, son esenciales en Salud P\u00fablica, cuyo objetivo es la detecci\u00f3n precoz de los individuos afectados y el inicio inmediato de una adecuada intervenci\u00f3n sanitaria que permita reducir la morbilidad, mortalidad y las posibles discapacidades, o secuelas asociadas a dichas enfermedades, mejorando su supervivencia y calidad de vida.&nbsp;<\/p>\n\n\n\n<p>Desde 1984, estos Programas se vienen desarrollando y realizando a todos los reci\u00e9n nacidos de nuestra Comunidad Aut\u00f3noma Extreme\u00f1a.\u00a0<br><br><\/p>\n\n\n\n<h3 class=\"has-black-color has-text-color\">PLAN INTEGRAL ENFERMEDADES CARDIO VASCULARES (PIEC).<\/h3>\n\n\n\n<h3>\u00a0<br><\/h3>\n\n\n\n<h3 class=\"has-black-color has-text-color\">PLAN INTEGRAL DE ENFERMEDADES RARAS EXTREMADURA (PIER).&nbsp;<\/h3>\n\n\n\n<p>Las enfermedades poco frecuentes constituyen un grupo de enfermedades que, aunque cada una de ellas individualmente presente una baja prevalencia, constituyen, sin embargo, un porcentaje de poblaci\u00f3n muy significativo si las contemplamos en su conjunto.&nbsp;<\/p>\n\n\n\n<p>La mayor\u00eda de ellas son graves e incapacitantes, comprometiendo seriamente el pron\u00f3stico vital de las personas afectadas y generando importantes cargas familiares, sociales y sanitarias.&nbsp;<\/p>\n\n\n\n<p>La realidad actual sigue estando marcada por la escasa investigaci\u00f3n acerca de ellas y en consecuencia, esto conlleva la demora en los diagn\u00f3sticos y en el acceso a los tratamientos.&nbsp;<\/p>\n\n\n\n<p>La Consejer\u00eda de Sanidad y Pol\u00edticas Sociales, elabora este Plan Integral de Enfermedades Raras de Extremadura 2019\u00ad2023, que da continuidad al anterior Plan, con el fin de seguir mejorando la calidad de vida de las personas afectadas, y asegurar una adecuada gesti\u00f3n de los recursos sociosanitarios que garanticen la accesibilidad, la calidad y la equidad de la atenci\u00f3n a las personas afectadas y sus familiares.\u00a0<\/p>\n\n\n\n<p><br><\/p>\n\n\n\n<h3 class=\"has-black-color has-text-color\">REGISTRO POBLACIONAL DE ENFERMEDADES RARAS EN EXTREMADURA&nbsp;<\/h3>\n\n\n\n<p>Las Enfermedades Raras (EE.RR), tambi\u00e9n llamadas poco comunes o minoritarias, engloban a un conjunto de patolog\u00edas que, con escasa frecuencia en la poblaci\u00f3n, determinan enfermos cr\u00f3nicos con una vida dependiente del sistema sanitario.&nbsp;<\/p>\n\n\n\n<p>El Sistema de Informaci\u00f3n sobre EE.RR de Extremadura se crea por Orden de 14 de mayo de 2004 (D.O.E. n\u00fam. 61, de 25 de mayo de 2004), de la Consejer\u00eda de Sanidad y Consumo, y se encuentra incluido como un sistema de informaci\u00f3n especial dentro de la Red de Vigilancia Epidemiol\u00f3gica de Extremadura.&nbsp;<\/p>\n\n\n\n<p>Por Real Decreto 1091\/2015, de 4 de diciembre, se crea y regula el Registro Estatal de Enfermedades Raras con la finalidad de proporcionar informaci\u00f3n epidemiol\u00f3gica sobre las enfermedades raras, sobre la incidencia y prevalencia de las mismas y sobre sus factores determinantes asociados, facilitar la informaci\u00f3n necesaria para orientar la planificaci\u00f3n y gesti\u00f3n sanitaria y la evaluaci\u00f3n de las actividades preventivas y asistenciales en el \u00e1mbito de las enfermedades raras y proveer los indicadores b\u00e1sicos sobre enfermedades raras que permitan la comparaci\u00f3n entre las comunidades aut\u00f3nomas y con otros pa\u00edses.&nbsp;<\/p>\n\n\n\n<p>El Sistema de informaci\u00f3n sobre EE.RR es de base poblacional, por lo que intervienen en el mismo todos los profesionales sanitarios de las zonas b\u00e1sicas de salud y hospitales, las direcciones de salud de \u00e1rea, y la Subdirecci\u00f3n de Epidemiolog\u00eda de la Direcci\u00f3n General de Salud P\u00fablica del SES.&nbsp;<\/p>\n\n\n\n<p>El presente protocolo establece el modo de gesti\u00f3n, en cuanto a forma de notificaci\u00f3n, recepci\u00f3n, grabaci\u00f3n y tratamiento de la informaci\u00f3n de los casos de EE.RR. residentes en Extremadura, que se incorporen al Sistema.\u00a0<\/p>\n\n\n\n<p><\/p>\n\n\n\n<h3>VIOLENCIA DE GENERO<\/h3>\n\n\n\n<p>La violencia de g\u00e9nero constituye en la actualidad un importante problema de salud p\u00fablica, tanto por su prevalencia como por las consecuencias para la salud de la v\u00edctima, que va a pasar por la consulta sanitaria en el Sistema de salud, sin que en muchas ocasiones esta situaci\u00f3n sea detectada.&nbsp;<\/p>\n\n\n\n<p>En 1998 la Organizaci\u00f3n Mundial de la Salud declar\u00f3 la violencia de g\u00e9nero como una prioridad internacional para los servicios de salud.&nbsp;<\/p>\n\n\n\n<p>El sistema sanitario, y en particular, la atenci\u00f3n primaria de salud constituyen en muchas ocasiones el primer lugar de atenci\u00f3n social donde acuden las v\u00edctimas. Los servicios de salud y sus profesionales no pueden mantenerse al margen de este importante problema de salud p\u00fablica, abordando el problema de forma integral y coordinando su actuaci\u00f3n con otros profesionales e instituciones.&nbsp;<\/p>\n\n\n\n<p>Para llevar a cabo esta tarea por parte de los servicios de salud, primeramente se hace necesario la sensibilizaci\u00f3n y la formaci\u00f3n de todas las personas que trabajan en el Servicio Extreme\u00f1o de Salud. Por otra parte, consideramos que es preciso contar con un instrumento operativo que defina claramente las l\u00edneas principales de actuaci\u00f3n, haciendo que las intervenciones del personal sanitario y sociosanitario de Extremadura sean m\u00e1s efectivas y homog\u00e9neas.&nbsp;<\/p>\n\n\n\n<p>El objeto del Protocolo Com\u00fan contra la Violencia de G\u00e9nero dirigido a profesionales de la salud de nuestra Comunidad Aut\u00f3noma, es contribuir a mejorar y potenciar las actividades que en su control y prevenci\u00f3n se est\u00e1n desarrollando desde el \u00e1mbito sanitario.&nbsp;<\/p>\n\n\n\n<p>Protocolo de actuaci\u00f3n sanitaria ante la Violencia de G\u00e9nero en Extremadura.&nbsp; Ver enlace&nbsp;<\/p>\n\n\n\n<p>Protocolo de vigilancia epidemiol\u00f3gica de la violencia de g\u00e9nero atendida en el Sistema Sanitario de Extremadura.&nbsp; Ver enlace&nbsp;<\/p>\n","protected":false},"excerpt":{"rendered":"<p>PLAN INTEGRAL CONTRA EL C\u00c1NCER EN EXTREMADURA (2017-2021) \u00a0El c\u00e1ncer constituye la segunda causa de muerte a nivel mundial., con 8,8 millones de defunciones en 2015, lo que supone que casi una de cada seis defunciones se debe a esta enfermedad. Alrededor de un tercio de las muertes por c\u00e1ncer se deben a factores de [&hellip;]<\/p>\n","protected":false},"author":1,"featured_media":0,"parent":695,"menu_order":0,"comment_status":"closed","ping_status":"closed","template":"page-template\/page-no-slider.php","meta":{"_eb_attr":"","inline_featured_image":false},"_links":{"self":[{"href":"https:\/\/saludextremadura.ses.es\/areasaluddonbenito\/wp-json\/wp\/v2\/pages\/1867"}],"collection":[{"href":"https:\/\/saludextremadura.ses.es\/areasaluddonbenito\/wp-json\/wp\/v2\/pages"}],"about":[{"href":"https:\/\/saludextremadura.ses.es\/areasaluddonbenito\/wp-json\/wp\/v2\/types\/page"}],"author":[{"embeddable":true,"href":"https:\/\/saludextremadura.ses.es\/areasaluddonbenito\/wp-json\/wp\/v2\/users\/1"}],"replies":[{"embeddable":true,"href":"https:\/\/saludextremadura.ses.es\/areasaluddonbenito\/wp-json\/wp\/v2\/comments?post=1867"}],"version-history":[{"count":8,"href":"https:\/\/saludextremadura.ses.es\/areasaluddonbenito\/wp-json\/wp\/v2\/pages\/1867\/revisions"}],"predecessor-version":[{"id":2680,"href":"https:\/\/saludextremadura.ses.es\/areasaluddonbenito\/wp-json\/wp\/v2\/pages\/1867\/revisions\/2680"}],"up":[{"embeddable":true,"href":"https:\/\/saludextremadura.ses.es\/areasaluddonbenito\/wp-json\/wp\/v2\/pages\/695"}],"wp:attachment":[{"href":"https:\/\/saludextremadura.ses.es\/areasaluddonbenito\/wp-json\/wp\/v2\/media?parent=1867"}],"curies":[{"name":"wp","href":"https:\/\/api.w.org\/{rel}","templated":true}]}}